{"id":67,"date":"2022-01-28T15:44:41","date_gmt":"2022-01-28T14:44:41","guid":{"rendered":"https:\/\/muzeumtatrzanskie.pl\/portal\/?page_id=67"},"modified":"2023-01-03T09:28:35","modified_gmt":"2023-01-03T08:28:35","slug":"archiwum-hasiora","status":"publish","type":"page","link":"https:\/\/muzeumtatrzanskie.pl\/portal\/archiwum-hasiora\/","title":{"rendered":"ARCHIWUM HASIORA"},"content":{"rendered":"\n<h2 class=\"wp-block-heading\">PROJEKT OPRACOWANIA ARCHIWUM W\u0141ADYS\u0141AWA HASIORA<\/h2>\n\n\n\n<p>W\u0142adys\u0142aw Hasior nale\u017cy do grona najwybitniejszych wsp\u00f3\u0142czesnych artyst\u00f3w polskich. By\u0142 niezwyk\u0142\u0105 indywidualno\u015bci\u0105, postaci\u0105 nietuzinkow\u0105 i barwn\u0105. Ju\u017c za \u017cycia mia\u0142 wielu wyznawc\u00f3w, ale tak\u017ce i wielu krytyk\u00f3w \u2013 jego tw\u00f3rczo\u015b\u0107 wzbudza\u0142a skrajne emocje i oceny. Wkroczy\u0142 do \u015bwiata sztuki w spos\u00f3b powszechnie zwracaj\u0105cy uwag\u0119, staj\u0105c si\u0119 artyst\u0105 &#8220;kultowym&#8221; dla pokolenia lat 60. i 70. Jego tw\u00f3rczo\u015b\u0107 szokowa\u0142a i zachwyca\u0142a, wzbudza\u0142a skrajne emocje i oceny, swoj\u0105 kontrowersyjn\u0105 postaw\u0105 zmusza\u0142 do stawiania pyta\u0144 o istot\u0119 sztuki, swobod\u0119 wyboru j\u0119zyka artystycznego. Jako jeden z niewielu artyst\u00f3w tamtych czas\u00f3w zyska\u0142 popularno\u015b\u0107 blisk\u0105 tej, jak\u0105 miewaj\u0105 gwiazdy ekranu czy estrady.<\/p>\n\n\n\n<p>Muzeum Tatrza\u0144skie sukcesywnie opracowuje i udost\u0119pnia dorobek W\u0142adys\u0142awa Hasiora organizuj\u0105c wystawy, konferencje i wydaj\u0105c publikacje po\u015bwi\u0119cone arty\u015bcie. Archiwum Hasiora jest te\u017c obiektem zainteresowa\u0144 licznych badaczy, kurator\u00f3w i historyk\u00f3w sztuki.&nbsp; Jednak do niedawna w\u015br\u00f3d ogromnego dorobku artystycznego przekazanego przez Hasiora do zbior\u00f3w Muzeum Tatrza\u0144skiego znaczna cz\u0119\u015b\u0107 pozostawa\u0142a nieopracowana i niedost\u0119pna w wersji cyfrowej, a tym samym w jego tw\u00f3rczo\u015bci i niezwykle intryguj\u0105cej biografii artystycznej pozostaje wci\u0105\u017c wiele do odkrycia.<\/p>\n\n\n\n<p>Projekt opracowania archiwum W\u0142adys\u0142awa Hasiora jest efektem wsp\u00f3\u0142pracy Muzeum Tatrza\u0144skiego z Fundacj\u0105 Sztuk Wizualnych w Krakowie, beneficjentem grantu ze \u015brodk\u00f3w Ministra Kultury i Dziedzictwa Narodowego z programu Kultura cyfrowa. Celem wsp\u00f3lnie podj\u0119tych dzia\u0142a\u0144 jest przepracowanie tw\u00f3rczo\u015bci i biografii artysty, budowanie nowych kontekst\u00f3w dla odczytywania jego prac, a tak\u017ce popularyzacja wiedzy o arty\u015bcie w\u015br\u00f3d szerokiego grona odbiorc\u00f3w. W tym celu w latach 2021-2023 zesp\u00f3\u0142 Fundacji Sztuk Wizualnych we wsp\u00f3\u0142pracy z zespo\u0142em Muzeum Tatrza\u0144skiego prowadzi digitalizacj\u0119 prac i obiekt\u00f3w do tej pory nie poddanych cyfryzacji, takich jak: fotografie archiwalne, dzienniki artysty, wczesne prace na papierze, w tym rysunki, kola\u017ce i akwarele, a tak\u017ce liczne dokumenty, listy oraz wycinki prasowe dotycz\u0105ce ca\u0142ego tw\u00f3rczego okresu dzia\u0142alno\u015bci Hasiora. Opracowane materia\u0142y w pierwszych dw\u00f3ch latach projektu udost\u0119pniane b\u0119d\u0105 na portalu Muzeum Tatrza\u0144skiego, a w trzecim roku zamieszczone zostan\u0105 na nowoutworzonej stronie po\u015bwi\u0119conej w ca\u0142o\u015bci arty\u015bcie, kt\u00f3ra dost\u0119pna b\u0119dzie w dw\u00f3ch wersjach j\u0119zykowych.<\/p>\n\n\n\n<p>Efektem pierwszego roku projektu s\u0105 zamieszczone na stronie internetowej Muzeum Tatrza\u0144skiego 252 wczesne rysunki, szkice i kola\u017ce Hasiora, ponad 300 fotografii zwi\u0105zanych z \u017cyciem artysty oraz realizacj\u0105 pomnik\u00f3w jego autorstwa, a tak\u017ce dwa dzienniki, w kt\u00f3rych artysta notowa\u0142 swoje post\u0119py w treningach biegowych. <\/p>\n\n\n\n<p>W kolejnym roku na stronie opublikowane zosta\u0142y reprodukcje bezcennych zapisk\u00f3w Hasiora, w tym jego dziennik pisany w czasie podr\u00f3\u017cy motocyklem do Francji i W\u0142och wraz z towarzysz\u0105cym mu szkicownikiem artysty z tego wyjazdu. Udost\u0119pnione zosta\u0142y tak\u017ce odr\u0119czne notatki dotycz\u0105ce programu nauczania w dziale rze\u017aby w Pa\u0144stwowym Liceum Technik Plastycznych oraz trzy r\u00f3\u017cne notesy zawieraj\u0105ce przemy\u015blenia na temat tw\u00f3rczo\u015bci w\u0142asnej oraz innych artyst\u00f3w, w tym szkic tekstu na temat rze\u017ab Antoniego Kenara. Opublikowany zosta\u0142 tak\u017ce ostatni, trzeci z dziennik\u00f3w biegowych Hasiora.<\/p>\n\n\n\n<p>Digitalizacji poddane zosta\u0142o tak\u017ce ponad 400 fotografii w formacie odbitek, negatyw\u00f3w i slajd\u00f3w, z kt\u00f3rych blisko 300 zosta\u0142o zamieszczonych na stronie. W\u015br\u00f3d opublikowanych fotografii wa\u017cnym elementem s\u0105\u00a0 fotograficzne dokumentacje wczesnych prac rze\u017abiarskich Hasiora. <\/p>\n\n\n\n<p>Opracowane zosta\u0142y tak\u017ce wycinki prasowe, gromadzone przez autora przez ca\u0142e \u017cycie, z kt\u00f3rych w drugim roku projektu opublikowanych zosta\u0142o 430 stron. Na stronie znalaz\u0142y si\u0119 tak\u017ce dokumenty zwi\u0105zane z powstawaniem Galerii W\u0142adys\u0142awa Hasiora oraz rozk\u0142ad\u00f3wki pisma <em>Nowa Wie\u015b<\/em>, w kt\u00f3rym Hasior publikowa\u0142 seri\u0119 artyku\u0142\u00f3w ilustrowanych jego slajdami, a tak\u017ce reprodukcje plakat\u00f3w towarzysz\u0105cych jego wystawom oraz wydarzeniom, w kt\u00f3rych bra\u0142 udzia\u0142.<\/p>\n\n\n\n<p>Dodatkowo w galerii zamieszczonych zosta\u0142o 20000 slajd\u00f3w artysty, poddanych cyfryzacji w poprzednich latach, a tak\u017ce kompletna dokumentacja asambla\u017cy i innych prac przestrzennych artysty, wykonana w 2021 roku przez Daniela Rumiancewa na zam\u00f3wienie Muzeum Tatrza\u0144skiego.<\/p>\n\n\n\n<p><strong>Organizator:<\/strong> Fundacja Sztuk Wizualnych we wsp\u00f3\u0142pracy z Muzeum Tatrza\u0144skim w Zakopanem<\/p>\n\n\n\n<p><strong>Kuratorzy projektu: <\/strong>Julita Dembowska i Karol Hordziej<\/p>\n\n\n\n<p><strong>Opracowanie archiwum:<\/strong> Dagmara Schmidt<\/p>\n\n\n\n<p><strong>Digitalizacja:<\/strong> Maciej Plewi\u0144ski i Micha\u0142 Le\u015bniowski<\/p>\n\n\n\n<p><strong>Koordynacja:<\/strong> Karol Hordziej i Tomasz Gutkowski<\/p>\n\n\n\n<p><\/p>\n\n\n\n<p class=\"has-text-align-center\"><strong>Projekt dofinansowano ze \u015brodk\u00f3w Ministra Kultury i Dziedzictwa Narodowego pochodz\u0105cych z Funduszu Promocji Kultury \u2013 pa\u0144stwowego funduszu celowego.<\/strong><\/p>\n\n\n<div class=\"wp-block-image\">\n<figure class=\"aligncenter size-large is-resized\"><img loading=\"lazy\" decoding=\"async\" src=\"https:\/\/muzeumtatrzanskie.pl\/portal\/wp-content\/uploads\/2022\/01\/stripe1500px-1024x190.png\" alt=\"Fundacja Sztuk Wizualnych, Muzeum Tatrza\u0144skie, Ministerstwo Kultury i Dziedzictwa Narodowego, Projekt dofinansowany ze \u015brodk\u00f3w Ministra Kultury i Dziedzictwa Narodowego pochodz\u0105cych z Funduszu Promocji Kultury - pa\u0144stwowego funduszu celowego\" class=\"wp-image-68\" width=\"768\" height=\"143\" srcset=\"https:\/\/muzeumtatrzanskie.pl\/portal\/wp-content\/uploads\/2022\/01\/stripe1500px-1024x190.png 1024w, https:\/\/muzeumtatrzanskie.pl\/portal\/wp-content\/uploads\/2022\/01\/stripe1500px-300x56.png 300w, https:\/\/muzeumtatrzanskie.pl\/portal\/wp-content\/uploads\/2022\/01\/stripe1500px-768x143.png 768w, https:\/\/muzeumtatrzanskie.pl\/portal\/wp-content\/uploads\/2022\/01\/stripe1500px.png 1280w\" sizes=\"auto, (max-width: 768px) 100vw, 768px\" \/><\/figure>\n<\/div>","protected":false},"excerpt":{"rendered":"<p>PROJEKT OPRACOWANIA ARCHIWUM W\u0141ADYS\u0141AWA HASIORA W\u0142adys\u0142aw Hasior nale\u017cy do grona najwybitniejszych wsp\u00f3\u0142czesnych artyst\u00f3w polskich. By\u0142 niezwyk\u0142\u0105 indywidualno\u015bci\u0105, postaci\u0105 nietuzinkow\u0105 i barwn\u0105. Ju\u017c za \u017cycia mia\u0142 wielu wyznawc\u00f3w, ale tak\u017ce i wielu krytyk\u00f3w \u2013 jego tw\u00f3rczo\u015b\u0107 wzbudza\u0142a skrajne emocje i oceny. Wkroczy\u0142 do \u015bwiata sztuki w spos\u00f3b powszechnie zwracaj\u0105cy uwag\u0119, staj\u0105c si\u0119 artyst\u0105 &#8220;kultowym&#8221; dla pokolenia [&hellip;]<\/p>\n","protected":false},"author":6,"featured_media":0,"parent":0,"menu_order":0,"comment_status":"closed","ping_status":"closed","template":"","meta":{"footnotes":""},"class_list":["post-67","page","type-page","status-publish","hentry"],"_links":{"self":[{"href":"https:\/\/muzeumtatrzanskie.pl\/portal\/wp-json\/wp\/v2\/pages\/67","targetHints":{"allow":["GET"]}}],"collection":[{"href":"https:\/\/muzeumtatrzanskie.pl\/portal\/wp-json\/wp\/v2\/pages"}],"about":[{"href":"https:\/\/muzeumtatrzanskie.pl\/portal\/wp-json\/wp\/v2\/types\/page"}],"author":[{"embeddable":true,"href":"https:\/\/muzeumtatrzanskie.pl\/portal\/wp-json\/wp\/v2\/users\/6"}],"replies":[{"embeddable":true,"href":"https:\/\/muzeumtatrzanskie.pl\/portal\/wp-json\/wp\/v2\/comments?post=67"}],"version-history":[{"count":6,"href":"https:\/\/muzeumtatrzanskie.pl\/portal\/wp-json\/wp\/v2\/pages\/67\/revisions"}],"predecessor-version":[{"id":87,"href":"https:\/\/muzeumtatrzanskie.pl\/portal\/wp-json\/wp\/v2\/pages\/67\/revisions\/87"}],"wp:attachment":[{"href":"https:\/\/muzeumtatrzanskie.pl\/portal\/wp-json\/wp\/v2\/media?parent=67"}],"curies":[{"name":"wp","href":"https:\/\/api.w.org\/{rel}","templated":true}]}}